{"id":348,"date":"2023-11-28T21:36:44","date_gmt":"2023-11-28T20:36:44","guid":{"rendered":"https:\/\/regunlagotto.net\/?page_id=348"},"modified":"2024-03-08T20:15:52","modified_gmt":"2024-03-08T19:15:52","slug":"news-2005-2009","status":"publish","type":"page","link":"https:\/\/regunlagotto.net\/?page_id=348","title":{"rendered":"News 2005 &#8211; 2009"},"content":{"rendered":"<hr>\n<p style=\"text-align: center;\"><a id=\"ev2009\"><\/a><a class=\"maxbutton-5 maxbutton maxbutton-2009\" href=\"https:\/\/regunlagotto.net\/?page_id=348#ev2009\"><span class='mb-text'>2009<\/span><\/a><\/p>\n<p style=\"text-align: center;\"><span style=\"font-size: 18px; background-color: #ddccaa;\"><strong><a style=\"background-color: #ddccaa;\" href=\"https:\/\/regunlagotto.net\/?page_id=899\">Regun &#8216;B&#8217; litter<\/a><\/strong><\/span><\/p>\n<p style=\"text-align: center;\">Born on 12\/11\/2009, 4 males and 4 females<\/p>\n<table class=\"aligncenter\" style=\"width: 800px;\" border=\"1\" cellpadding=\"0\">\n<tbody>\n<tr>\n<td style=\"width: 400px; text-align: left;\">Father: <a href=\"https:\/\/www.lagotto.net\/cascinetta\/?page_id=1005\" target=\"_blank\" rel=\"noopener\"><strong>ELLIOT della Cascinetta<\/strong><\/a>, brown-roan<br \/>\nHD <span style=\"background-color: #00ff00; color: #000000;\">B<\/span>, JE -\/-, LSD +\/-<\/td>\n<td style=\"width: 400px; text-align: left;\">Mother: <a href=\"https:\/\/regunlagotto.net\/?page_id=698\" target=\"_blank\" rel=\"noopener\"><strong>CARLOTTA di Villa Federici<\/strong><\/a>, orange<br \/>\nHD <span style=\"background-color: #00ff00; color: #000000;\">B<\/span>, JE -\/-, LSD-\/-, PL 0, eyes clear<\/td>\n<\/tr>\n<tr>\n<td style=\"width: 400px; text-align: center;\">ngg_shortcode_0_placeholder<\/td>\n<td style=\"width: 400px; text-align: center;\">ngg_shortcode_1_placeholder<\/td>\n<\/tr>\n<\/tbody>\n<\/table>\n<p style=\"text-align: center;\">ngg_shortcode_2_placeholder<\/p>\n<p style=\"text-align: center;\">&#8212;&#8212;&#8212;&#8212;&#8212;&#8212;&#8212;&#8212;&#8212;&#8212;&#8212;&#8212;&#8212;&#8212;&#8212;&#8212;&#8212;&#8212;&#8211;<\/p>\n<p style=\"text-align: center;\"><span style=\"background-color: #ddccaa;\"><strong><span style=\"font-size: 18px; background-color: #ddccaa;\">Bagnara \u2013 17-18.10.2009<\/span><\/strong><\/span><\/p>\n<p style=\"text-align: center;\">\u2013 Raduno Nazionale C.I.L. \u2013<br \/>\njudge Giovanni Morsiani<\/p>\n<p style=\"text-align: center;\"><strong>Regun ALFA<\/strong> \u2013 junior class \u2013 3\u00b0 Promising<\/p>\n<table class=\"aligncenter\" style=\"width: 900px;\" border=\"1\" cellpadding=\"0\">\n<tbody>\n<tr>\n<td style=\"width: 300px; text-align: center;\">ngg_shortcode_3_placeholder<\/td>\n<td style=\"width: 300px; text-align: center;\">ngg_shortcode_4_placeholder<\/td>\n<td style=\"width: 300px; text-align: center;\">ngg_shortcode_5_placeholder<\/td>\n<\/tr>\n<\/tbody>\n<\/table>\n<p style=\"text-align: center;\">&#8212;&#8212;&#8212;&#8212;&#8212;&#8212;&#8212;&#8212;&#8212;&#8212;&#8212;&#8212;&#8212;&#8212;&#8212;&#8212;&#8212;&#8212;&#8211;<\/p>\n<p style=\"text-align: center;\"><span style=\"background-color: #ddccaa;\"><strong><span style=\"font-size: 18px; background-color: #ddccaa;\">Bratislava (SK) \u2013 11.10.2009<\/span><\/strong><\/span><\/p>\n<p style=\"text-align: center;\">\u2013 World Dog Show \u2013<br \/>\njudge Garach Domech Angel(E)<\/p>\n<p style=\"text-align: center;\"><strong>Regun ALFA<\/strong> \u2013 junior class \u2013 1\u00b0 Very promising<\/p>\n<table class=\"aligncenter\" style=\"width: 800px;\" border=\"1\" cellpadding=\"0\">\n<tbody>\n<tr>\n<td style=\"width: 400px; text-align: center;\">ngg_shortcode_6_placeholder<\/td>\n<td style=\"width: 400px; text-align: center;\">ngg_shortcode_7_placeholder<\/td>\n<\/tr>\n<\/tbody>\n<\/table>\n<p style=\"text-align: center;\">&#8212;&#8212;&#8212;&#8212;&#8212;&#8212;&#8212;&#8212;&#8212;&#8212;&#8212;&#8212;&#8212;&#8212;&#8212;&#8212;&#8212;&#8212;&#8211;<\/p>\n<p style=\"text-align: center;\"><span style=\"background-color: #ddccaa;\"><strong><span style=\"font-size: 18px; background-color: #ddccaa;\">Volta Mantovana &#8211; 10.06.2009<\/span><\/strong><\/span><\/p>\n<p style=\"text-align: center;\">\u2013 Raduno italian breeds \u2013<br \/>\njudge Franco Ferrarri<\/p>\n<p style=\"text-align: center;\"><strong>Regun ALFA<\/strong> \u2013 puppy class \u2013 2\u00b0 Promising<\/p>\n<table class=\"aligncenter\" style=\"width: 800px;\" border=\"1\" cellpadding=\"0\">\n<tbody>\n<tr>\n<td style=\"width: 400px; text-align: center;\">ngg_shortcode_8_placeholder<\/td>\n<td style=\"width: 400px; text-align: center;\">ngg_shortcode_9_placeholder<\/td>\n<\/tr>\n<\/tbody>\n<\/table>\n<p style=\"text-align: center;\">&#8212;&#8212;&#8212;&#8212;&#8212;&#8212;&#8212;&#8212;&#8212;&#8212;&#8212;&#8212;&#8212;&#8212;&#8212;&#8212;&#8212;&#8212;&#8211;<\/p>\n<p style=\"text-align: center;\"><span style=\"background-color: #ddccaa;\"><strong><span style=\"font-size: 18px; background-color: #ddccaa;\">G\u00f6d\u00f6ll\u0151 (HU) \u2013 28.03.2009<\/span><\/strong><\/span><\/p>\n<p style=\"text-align: center;\">\u2013 Truffle searching working trial<\/p>\n<p style=\"text-align: center;\"><strong>MUSA della Cascinetta<\/strong> \u2013 in semifinal<\/p>\n<table class=\"aligncenter\" style=\"width: 800px;\" border=\"1\" cellpadding=\"0\">\n<tbody>\n<tr>\n<td style=\"width: 400px; text-align: center;\">ngg_shortcode_10_placeholder<\/td>\n<td style=\"width: 400px; text-align: center;\">ngg_shortcode_11_placeholder<\/td>\n<\/tr>\n<\/tbody>\n<\/table>\n<p style=\"text-align: center;\">&#8212;&#8212;&#8212;&#8212;&#8212;&#8212;&#8212;&#8212;&#8212;&#8212;&#8212;&#8212;&#8212;&#8212;&#8212;&#8212;&#8212;&#8212;&#8211;<\/p>\n<p style=\"text-align: center;\"><span style=\"font-size: 18px; background-color: #ddccaa;\"><strong><a style=\"background-color: #ddccaa;\" href=\"https:\/\/regunlagotto.net\/?page_id=583\">Regun &#8216;A&#8217; litter<\/a><\/strong><\/span><\/p>\n<p style=\"text-align: center;\">Born on 16\/03\/2009, 2 male and 4 females<\/p>\n<table class=\"aligncenter\" style=\"width: 800px;\" border=\"1\" cellpadding=\"0\">\n<tbody>\n<tr>\n<td style=\"width: 400px; text-align: left;\">Father: <strong>MORGAN (Morara)<\/strong>, brown-roan<br \/>\nHD <span style=\"background-color: #00ff00; color: #000000;\">B<\/span><\/td>\n<td style=\"width: 400px; text-align: left;\">Mother: <a href=\"https:\/\/regunlagotto.net\/?page_id=642\" target=\"_blank\" rel=\"noopener\"><strong>MUSA della Cascinetta<\/strong><\/a>, orange<br \/>\nHD <span style=\"background-color: #00ff00; color: #000000;\">B<\/span>, JE +\/-, LSD-\/-, PL 0, eyes clear<\/td>\n<\/tr>\n<tr>\n<td style=\"width: 400px; text-align: center;\">ngg_shortcode_12_placeholder<\/td>\n<td style=\"width: 400px; text-align: center;\">ngg_shortcode_13_placeholder<\/td>\n<\/tr>\n<\/tbody>\n<\/table>\n<p style=\"text-align: center;\">ngg_shortcode_14_placeholder<\/p>\n<hr>\n<p style=\"text-align: center;\"><a id=\"ev2008\"><\/a><a class=\"maxbutton-4 maxbutton maxbutton-2008\" href=\"https:\/\/regunlagotto.net\/?page_id=348#ev2008\"><span class='mb-text'>2008<\/span><\/a><\/p>\n<p style=\"text-align: center;\"><span style=\"background-color: #ddccaa;\"><strong><span style=\"font-size: 18px; background-color: #ddccaa;\">Petneh\u00e1zi-r\u00e9ti Cserk\u00e9szpark (HU) \u2013 06.12.2008<\/span><\/strong><\/span><\/p>\n<p style=\"text-align: center;\">\u2013 Truffle searching working trial \u2013<\/p>\n<p style=\"text-align: center;\"><strong>MUSA Della Cascinetta<\/strong>\u2013 second place<\/p>\n<table class=\"aligncenter\" style=\"width: 800px;\" border=\"1\" cellpadding=\"0\">\n<tbody>\n<tr>\n<td style=\"width: 400px; text-align: center;\">ngg_shortcode_15_placeholder<\/td>\n<td style=\"width: 400px; text-align: center;\">ngg_shortcode_16_placeholder<\/td>\n<\/tr>\n<\/tbody>\n<\/table>\n<p style=\"text-align: center;\">&#8212;&#8212;&#8212;&#8212;&#8212;&#8212;&#8212;&#8212;&#8212;&#8212;&#8212;&#8212;&#8212;&#8212;&#8212;&#8212;&#8212;&#8212;&#8211;<\/p>\n<p style=\"text-align: center;\"><span style=\"background-color: #ddccaa;\"><strong><span style=\"font-size: 18px; background-color: #ddccaa;\">Domb\u00f3v\u00e1r (HU) \u2013 26.10.2008<\/span><\/strong><\/span><\/p>\n<p style=\"text-align: center;\">\u2013 CAC dog show \u2013<br \/>\nKardos Vilmos (HU)<\/p>\n<p style=\"text-align: center;\"><strong>MUSA della Cascinetta<\/strong> \u2013 intermediate class \u2013 1\u00b0 Exc. CAC<\/p>\n<p style=\"text-align: center;\"><strong>CARLOTTA di Villa Federici<\/strong> \u2013 open class \u2013 1\u00b0 Exc. CAC<\/p>\n<table class=\"aligncenter\" style=\"width: 800px;\" border=\"1\" cellpadding=\"0\">\n<tbody>\n<tr>\n<td style=\"width: 400px; text-align: center;\">ngg_shortcode_17_placeholderCARLOTTA di Villa Federici \u2013 open class \u2013 1\u00b0 Exc. CAC<\/td>\n<td style=\"width: 400px; text-align: center;\">ngg_shortcode_18_placeholderMUSA della Cascinetta \u2013 intermediate class \u2013 1\u00b0 Exc. CAC<\/td>\n<\/tr>\n<\/tbody>\n<\/table>\n<p style=\"text-align: center;\">&#8212;&#8212;&#8212;&#8212;&#8212;&#8212;&#8212;&#8212;&#8212;&#8212;&#8212;&#8212;&#8212;&#8212;&#8212;&#8212;&#8212;&#8212;&#8211;<\/p>\n<p style=\"text-align: center;\"><span style=\"background-color: #ddccaa;\"><strong><span style=\"font-size: 18px; background-color: #ddccaa;\">Szentes (HU) &#8211; 19.10.2008<\/span><\/strong><\/span><\/p>\n<p style=\"text-align: center;\">\u2013 CAC dog show \u2013<br \/>\njudge Jakkel Tam\u00e1s (HU), BOG: Nagy Istv\u00e1n (HU)<\/p>\n<p style=\"text-align: center;\"><strong>MUSA della Cascinetta<\/strong> \u2013 young class \u2013 1\u00b0 Exc. HPJ, Best Young, <span style=\"color: #ff0000;\">BOB<\/span>, <span style=\"color: #ff00ff;\">BOG3<\/span><\/p>\n<p style=\"text-align: center;\"><span style=\"color: #ff0000;\">With this result Musa became &#8220;<strong>Hungaria Junior Champion<\/strong>&#8221; (hungarian young champion)<\/span><\/p>\n<table class=\"aligncenter\" style=\"width: 700px;\" border=\"1\" cellpadding=\"0\">\n<tbody>\n<tr>\n<td style=\"width: 400px; text-align: center;\">ngg_shortcode_19_placeholder<\/td>\n<td style=\"width: 400px; text-align: center;\">ngg_shortcode_20_placeholder<\/td>\n<\/tr>\n<\/tbody>\n<\/table>\n<p style=\"text-align: center;\">&#8212;&#8212;&#8212;&#8212;&#8212;&#8212;&#8212;&#8212;&#8212;&#8212;&#8212;&#8212;&#8212;&#8212;&#8212;&#8212;&#8212;&#8212;&#8211;<\/p>\n<p style=\"text-align: center;\"><span style=\"background-color: #ddccaa;\"><strong><span style=\"font-size: 18px; background-color: #ddccaa;\">Bagnara &#8211; 11-12.10.2008<\/span><\/strong><\/span><\/p>\n<p style=\"text-align: center;\">\u2013 Raduno Nazionale C.I.L. \u2013<br \/>\njudge Gilberto Grandi<\/p>\n<p style=\"text-align: center;\"><strong>MUSA della Cascinetta<\/strong> \u2013 young class \u2013 Exc<\/p>\n<p style=\"text-align: center;\"><strong>CARLOTTA di Villa Federici<\/strong> \u2013 young class \u2013 2\u00b0 Exc.<\/p>\n<table class=\"aligncenter\" style=\"width: 800px;\" border=\"1\" cellpadding=\"0\">\n<tbody>\n<tr>\n<td style=\"width: 200px; text-align: center;\">ngg_shortcode_21_placeholderCarlotta di Villa Federici<\/td>\n<td style=\"width: 200px; text-align: center;\">ngg_shortcode_22_placeholderCarlotta di Villa Federici<\/td>\n<td style=\"width: 200px; text-align: center;\">ngg_shortcode_23_placeholderMusa della Cascinetta<\/td>\n<td style=\"width: 200px; text-align: center;\">ngg_shortcode_24_placeholderMusa della Cascinetta<\/td>\n<\/tr>\n<tr>\n<td style=\"width: 200px; text-align: center;\">ngg_shortcode_25_placeholderCarlotta di Villa Federici, Musa della Cascinetta<\/td>\n<td style=\"width: 200px; text-align: center;\">ngg_shortcode_26_placeholderCarlotta di Villa Federici &#8211; Young class 2\u00b0 Exc.<\/td>\n<td style=\"width: 200px; text-align: center;\">ngg_shortcode_27_placeholderCarlotta di Villa Federici &#8211; Young class 2\u00b0 Exc.<\/td>\n<td style=\"width: 200px; text-align: center;\">ngg_shortcode_28_placeholderMirto della Cascinetta &#8211; the litter-brother of Musa &#8211; 1\u00b0 Exc in Young males class, <span style=\"color: #ff0000;\">Best Young<\/span><\/td>\n<\/tr>\n<\/tbody>\n<\/table>\n<p style=\"text-align: center;\">&#8212;&#8212;&#8212;&#8212;&#8212;&#8212;&#8212;&#8212;&#8212;&#8212;&#8212;&#8212;&#8212;&#8212;&#8212;&#8212;&#8212;&#8212;&#8211;<\/p>\n<p style=\"text-align: center;\"><span style=\"background-color: #ddccaa;\"><strong><span style=\"font-size: 18px; background-color: #ddccaa;\">\u00d3zd (HU) \u2013 14.09.2008<\/span><\/strong><\/span><\/p>\n<p style=\"text-align: center;\">\u2013 CAC dog show \u2013<br \/>\njudge Par\u00f3czi P\u00e1l (SRB)<\/p>\n<p style=\"text-align: center;\"><strong>MUSA della Cascinetta<\/strong> \u2013 young class \u2013 1\u00b0 Exc. HPJ, Best Young, <span style=\"color: #ff0000;\">BOB<\/span><\/p>\n<table class=\"aligncenter\" style=\"width: 800px;\" border=\"1\" cellpadding=\"0\">\n<tbody>\n<tr>\n<td style=\"width: 400px; text-align: center;\">ngg_shortcode_29_placeholder<\/td>\n<td style=\"width: 400px; text-align: center;\">ngg_shortcode_30_placeholder<\/td>\n<\/tr>\n<\/tbody>\n<\/table>\n<p style=\"text-align: center;\">&#8212;&#8212;&#8212;&#8212;&#8212;&#8212;&#8212;&#8212;&#8212;&#8212;&#8212;&#8212;&#8212;&#8212;&#8212;&#8212;&#8212;&#8212;&#8211;<\/p>\n<p style=\"text-align: center;\"><span style=\"background-color: #ddccaa;\"><strong><span style=\"font-size: 18px; background-color: #ddccaa;\">Budapest (HU) \u2013 03.10.2008<\/span><\/strong><\/span><\/p>\n<p style=\"text-align: center;\">\u2013 European Dog Show \u2013<br \/>\njudge Claudio de Giuliani<\/p>\n<p style=\"text-align: center;\"><strong>MUSA della Cascinetta<\/strong> \u2013 young class \u2013 V.g.<\/p>\n<p style=\"text-align: center;\"><strong>CARLOTTA di Villa Federici<\/strong> \u2013 young class \u2013 V.g.<\/p>\n<table class=\"aligncenter\" style=\"width: 800px;\" border=\"1\" cellpadding=\"0\">\n<tbody>\n<tr>\n<td style=\"width: 400px; text-align: center;\">ngg_shortcode_31_placeholderMUSA della Cascinetta<\/td>\n<td style=\"width: 400px; text-align: center;\">ngg_shortcode_32_placeholderCARLOTTA di Villa Federici<\/td>\n<\/tr>\n<\/tbody>\n<\/table>\n<p style=\"text-align: center;\">&#8212;&#8212;&#8212;&#8212;&#8212;&#8212;&#8212;&#8212;&#8212;&#8212;&#8212;&#8212;&#8212;&#8212;&#8212;&#8212;&#8212;&#8212;&#8211;<\/p>\n<p style=\"text-align: center;\"><span style=\"background-color: #ddccaa;\"><strong><span style=\"font-size: 18px; background-color: #ddccaa;\">Debreceb (HU) \u2013 08.08.2008<\/span><\/strong><\/span><\/p>\n<p style=\"text-align: center;\">\u2013 CACIB dog show \u2013<br \/>\njudge Kornelia Butrimova (LT), BOG: Cristian V\u00e2ntu (RO)<\/p>\n<p style=\"text-align: center;\"><strong>MUSA della Cascinetta<\/strong> \u2013 young class \u2013 1\u00b0 Exc. HPJ, Best Young, <span style=\"color: #ff0000;\">BOB<\/span>, <span style=\"color: #ff00ff;\">BOG<\/span><\/p>\n<table class=\"aligncenter\" style=\"width: 800px;\" border=\"1\" cellpadding=\"0\">\n<tbody>\n<tr>\n<td style=\"width: 400px; text-align: center;\">ngg_shortcode_33_placeholder<\/td>\n<td style=\"width: 400px; text-align: center;\">ngg_shortcode_34_placeholder<\/td>\n<\/tr>\n<tr>\n<td style=\"width: 400px; text-align: center;\">ngg_shortcode_35_placeholder<\/td>\n<td style=\"width: 400px; text-align: center;\">ngg_shortcode_36_placeholder<\/td>\n<\/tr>\n<\/tbody>\n<\/table>\n<p style=\"text-align: center;\">&#8212;&#8212;&#8212;&#8212;&#8212;&#8212;&#8212;&#8212;&#8212;&#8212;&#8212;&#8212;&#8212;&#8212;&#8212;&#8212;&#8212;&#8212;&#8211;<\/p>\n<p style=\"text-align: center;\"><span style=\"background-color: #ddccaa;\"><strong><span style=\"font-size: 18px; background-color: #ddccaa;\">Volta Mantovana \u2013 08.06.2008<\/span><\/strong><\/span><\/p>\n<p style=\"text-align: center;\">\u2013 Raduno italian breeds \u2013<br \/>\njudge Zacco Piersecondo<\/p>\n<p style=\"text-align: center;\"><strong>MUSA della Cascinetta<\/strong> \u2013 young class \u2013 Exc.<\/p>\n<table class=\"aligncenter\" style=\"width: 800px;\" border=\"1\" cellpadding=\"0\">\n<tbody>\n<tr>\n<td style=\"width: 400px; text-align: center;\">ngg_shortcode_37_placeholder<\/td>\n<td style=\"width: 400px; text-align: center;\">ngg_shortcode_38_placeholder<\/td>\n<\/tr>\n<\/tbody>\n<\/table>\n<p style=\"text-align: center;\">&#8212;&#8212;&#8212;&#8212;&#8212;&#8212;&#8212;&#8212;&#8212;&#8212;&#8212;&#8212;&#8212;&#8212;&#8212;&#8212;&#8212;&#8212;&#8211;<\/p>\n<p style=\"text-align: center;\"><span style=\"background-color: #ddccaa;\"><strong><span style=\"font-size: 18px; background-color: #ddccaa;\">Sz\u00e9kesfeh\u00e9rv\u00e1r (HU) \u2013 01.06.2008<\/span><\/strong><\/span><\/p>\n<p style=\"text-align: center;\">\u2013 CAC dog show \u2013<br \/>\njudge Erd\u0151s Istv\u00e1n (HU)<\/p>\n<p style=\"text-align: center;\"><strong>CARLOTTA di Villa Federici<\/strong> \u2013 young class \u2013 1\u00b0 Exc. HPJ, Best Young, <span style=\"color: #ff0000;\">BOB<\/span><\/p>\n<p style=\"text-align: center;\"><span style=\"color: #ff0000;\">With this result Lotta became &#8220;<strong>Hungaria Junior Champion<\/strong>&#8221; (hungarian young champion)<\/span><\/p>\n<table class=\"aligncenter\" style=\"width: 800px;\" border=\"1\" cellpadding=\"0\">\n<tbody>\n<tr>\n<td style=\"width: 400px; text-align: center;\">ngg_shortcode_39_placeholder<\/td>\n<td style=\"width: 400px; text-align: center;\">ngg_shortcode_40_placeholder<\/td>\n<\/tr>\n<\/tbody>\n<\/table>\n<p style=\"text-align: center;\">&#8212;&#8212;&#8212;&#8212;&#8212;&#8212;&#8212;&#8212;&#8212;&#8212;&#8212;&#8212;&#8212;&#8212;&#8212;&#8212;&#8212;&#8212;&#8211;<\/p>\n<p style=\"text-align: center;\"><span style=\"background-color: #ddccaa;\"><strong><span style=\"font-size: 18px; background-color: #ddccaa;\">Ny\u00edregyh\u00e1za (HU) \u2013 25.05.2008<\/span><\/strong><\/span><\/p>\n<p style=\"text-align: center;\">\u2013 CAC dog show \u2013<br \/>\njudge Antal Istv\u00e1n (RO)<\/p>\n<p style=\"text-align: center;\"><strong>CARLOTTA di Villa Federici<\/strong> \u2013 young class \u2013 1\u00b0 Exc. HPJ, Best Young, <span style=\"color: #ff0000;\">BOB<\/span><\/p>\n<table class=\"aligncenter\" style=\"width: 800px;\" border=\"1\" cellpadding=\"0\">\n<tbody>\n<tr>\n<td style=\"width: 400px; text-align: center;\">ngg_shortcode_41_placeholder<\/td>\n<td style=\"width: 400px; text-align: center;\">ngg_shortcode_42_placeholder<\/td>\n<\/tr>\n<\/tbody>\n<\/table>\n<p style=\"text-align: center;\">&#8212;&#8212;&#8212;&#8212;&#8212;&#8212;&#8212;&#8212;&#8212;&#8212;&#8212;&#8212;&#8212;&#8212;&#8212;&#8212;&#8212;&#8212;&#8211;<\/p>\n<p style=\"text-align: center;\"><span style=\"background-color: #ddccaa;\"><strong><span style=\"font-size: 18px; background-color: #ddccaa;\">Budapest (HU) \u2013 11.05.2008<\/span><\/strong><\/span><\/p>\n<p style=\"text-align: center;\">\u2013 CACIB dog show \u2013<br \/>\njudge Rita Kadike-Skadina (LT)<\/p>\n<p style=\"text-align: center;\"><strong>CARLOTTA di Villa Federici<\/strong> \u2013 young class \u2013 1\u00b0 Exc. HPJ, Best Young<\/p>\n<table class=\"aligncenter\" style=\"width: 800px;\" border=\"1\" cellpadding=\"0\">\n<tbody>\n<tr>\n<td style=\"width: 400px; text-align: center;\">ngg_shortcode_43_placeholder<\/td>\n<td style=\"width: 400px; text-align: center;\">ngg_shortcode_44_placeholder<\/td>\n<\/tr>\n<\/tbody>\n<\/table>\n<p style=\"text-align: center;\">&#8212;&#8212;&#8212;&#8212;&#8212;&#8212;&#8212;&#8212;&#8212;&#8212;&#8212;&#8212;&#8212;&#8212;&#8212;&#8212;&#8212;&#8212;&#8211;<\/p>\n<p style=\"text-align: center;\"><span style=\"background-color: #ddccaa;\"><strong><span style=\"font-size: 18px; background-color: #ddccaa;\">Porto Viro \u2013 02.03.2008<\/span><\/strong><\/span><\/p>\n<p style=\"text-align: center;\">\u2013 Truffle searching working trial \u2013<\/p>\n<p style=\"text-align: center;\"><strong>MUSA della Cascinetta<\/strong> \u2013 beginner class \u2013 Promising, judge Mario Morara<\/p>\n<p style=\"text-align: center;\"><strong>CARLOTTA di Villa Federici<\/strong> \u2013 beginner class \u2013 retired, judge Mario Morara<\/p>\n<table class=\"aligncenter\" style=\"width: 800px;\" border=\"1\" cellpadding=\"0\">\n<tbody>\n<tr>\n<td style=\"width: 400px; text-align: center;\">ngg_shortcode_45_placeholder<\/td>\n<td style=\"width: 400px; text-align: center;\">ngg_shortcode_46_placeholder<\/td>\n<\/tr>\n<\/tbody>\n<\/table>\n<p style=\"text-align: center;\">&#8212;&#8212;&#8212;&#8212;&#8212;&#8212;&#8212;&#8212;&#8212;&#8212;&#8212;&#8212;&#8212;&#8212;&#8212;&#8212;&#8212;&#8212;&#8211;<\/p>\n<p style=\"text-align: center;\"><span style=\"background-color: #ddccaa;\"><strong><span style=\"font-size: 18px; background-color: #ddccaa;\">Ravenna \u2013 10.02.2008<\/span><\/strong><\/span><\/p>\n<p style=\"text-align: center;\">\u2013 Truffle searching working trial \u2013<\/p>\n<p style=\"text-align: center;\"><strong>MUSA della Cascinetta<\/strong> \u2013 beginner class \u2013 Very promising, judge Franco Billi<\/p>\n<p style=\"text-align: center;\"><strong>CARLOTTA di Villa Federici<\/strong> \u2013 beginner class \u2013 Promising, judge Franco Billi<\/p>\n<table class=\"aligncenter\" style=\"width: 800px;\" border=\"1\" cellpadding=\"0\">\n<tbody>\n<tr>\n<td style=\"width: 400px; text-align: center;\">ngg_shortcode_47_placeholder<\/td>\n<td style=\"width: 400px; text-align: center;\">ngg_shortcode_48_placeholder<\/td>\n<\/tr>\n<\/tbody>\n<\/table>\n<hr>\n<p style=\"text-align: center;\"><a id=\"ev2007\"><\/a><a class=\"maxbutton-3 maxbutton maxbutton-2007\" href=\"https:\/\/regunlagotto.net\/?page_id=348#ev2007\"><span class='mb-text'>2007<\/span><\/a><\/p>\n<p style=\"text-align: center;\"><span style=\"background-color: #ddccaa;\"><strong><span style=\"font-size: 18px; background-color: #ddccaa;\">Massa Lombarda &#8211; 22.10.2007<\/span><\/strong><\/span><\/p>\n<p style=\"text-align: center;\">&#8211; visiting &#8220;della Cascinetta&#8221; kennel, where we got MUSA della Cascinetta &#8211;<\/p>\n<table class=\"aligncenter\" style=\"width: 800px;\" border=\"1\" cellpadding=\"0\">\n<tbody>\n<tr>\n<td style=\"width: 400px; text-align: center;\">ngg_shortcode_49_placeholderMusa with her breeder<\/td>\n<td style=\"width: 400px; text-align: center;\">ngg_shortcode_50_placeholderGiada della Cascinetta &#8211; the mother of Musa<\/td>\n<\/tr>\n<\/tbody>\n<\/table>\n<p style=\"text-align: center;\">&#8212;&#8212;&#8212;&#8212;&#8212;&#8212;&#8212;&#8212;&#8212;&#8212;&#8212;&#8212;&#8212;&#8212;&#8212;&#8212;&#8212;&#8212;&#8211;<\/p>\n<p style=\"text-align: center;\"><span style=\"background-color: #ddccaa;\"><strong><span style=\"font-size: 18px; background-color: #ddccaa;\">Brisighella &#8211; 21.10.2007<\/span><\/strong><\/span><\/p>\n<p style=\"text-align: center;\">&#8211; visiting truffle searching working trial &#8211;<\/p>\n<table class=\"aligncenter\" style=\"width: 800px;\" border=\"1\" cellpadding=\"0\">\n<tbody>\n<tr>\n<td style=\"width: 400px; text-align: center;\">ngg_shortcode_51_placeholderPeter &#8211; father of Musa &#8211; winner of &#8220;Trofeo Quintino Toschi&#8221;(The absolut winner of the two days, for the best results in beauty and working)<\/td>\n<td style=\"width: 400px; text-align: center;\">ngg_shortcode_52_placeholderPeter &#8211; father of Musa &#8211; winner of &#8220;Trofeo Quintino Toschi&#8221;(The absolut winner of the two days, for the best results in beauty and working)<\/td>\n<\/tr>\n<\/tbody>\n<\/table>\n<p style=\"text-align: center;\">&#8212;&#8212;&#8212;&#8212;&#8212;&#8212;&#8212;&#8212;&#8212;&#8212;&#8212;&#8212;&#8212;&#8212;&#8212;&#8212;&#8212;&#8212;&#8211;<\/p>\n<p style=\"text-align: center;\"><span style=\"background-color: #ddccaa;\"><strong><span style=\"font-size: 18px; background-color: #ddccaa;\">Bagnara &#8211; 20.10.2007<\/span><\/strong><\/span><\/p>\n<p style=\"text-align: center;\">&#8211; Raduno Nazionale C.I.L. &#8211;<br \/>\njudge Giovanni Morsiani<\/p>\n<p style=\"text-align: center;\"><strong>MUSA della Cascinetta<\/strong> &#8211; puppy class &#8211; 1\u00b0 Very promising <span style=\"color: #ff0000;\">Best Puppy<\/span><\/p>\n<table class=\"aligncenter\" style=\"width: 900px;\" border=\"1\" cellpadding=\"0\">\n<tbody>\n<tr>\n<td style=\"width: 180px; text-align: center;\">ngg_shortcode_53_placeholderMusa in the ring<\/td>\n<td style=\"width: 180px; text-align: center;\">ngg_shortcode_54_placeholderMusa in the ring<\/td>\n<td style=\"width: 180px; text-align: center;\">ngg_shortcode_55_placeholderMusa in the ring with her breeder<\/td>\n<td style=\"width: 180px; text-align: center;\">ngg_shortcode_56_placeholderMusa &#8211; puppy class 1\u00b0 V.p.<\/td>\n<td style=\"width: 180px; text-align: center;\">ngg_shortcode_57_placeholderMusa &#8211; Best puppy<\/td>\n<\/tr>\n<tr>\n<td style=\"width: 180px; text-align: center;\">ngg_shortcode_58_placeholderPeter &#8211; father of Musa<\/td>\n<td style=\"width: 180px; text-align: center;\">ngg_shortcode_59_placeholderPeter &#8211; father of Musa &#8211; champion class 1\u00b0 ecc<\/td>\n<td style=\"width: 180px; text-align: center;\">ngg_shortcode_60_placeholderPeter &#8211; father of Musa &#8211; champion class 1\u00b0 ecc<\/td>\n<td style=\"width: 180px; text-align: center;\">ngg_shortcode_61_placeholderPeter &#8211; father of Musa &#8211; BOB<\/td>\n<td style=\"width: 180px; text-align: center;\">ngg_shortcode_62_placeholderPeter &#8211; father of Musa &#8211; BOB<\/td>\n<\/tr>\n<\/tbody>\n<\/table>\n<hr>\n<p style=\"text-align: center;\"><a id=\"ev2006\"><\/a><a class=\"maxbutton-2 maxbutton maxbutton-2006\" href=\"https:\/\/regunlagotto.net\/?page_id=348#ev2006\"><span class='mb-text'>2006<\/span><\/a><\/p>\n<p style=\"text-align: center;\"><span style=\"background-color: #ddccaa;\"><strong><span style=\"font-size: 18px; background-color: #ddccaa;\">Budapest (HU) \u2013 16.12.2006<\/span><\/strong><\/span><\/p>\n<p style=\"text-align: center;\">\u2013 Derby dog show \u2013<br \/>\njudge Jakkel Tam\u00e1s (HU)<\/p>\n<p style=\"text-align: center;\"><strong>BELLA <\/strong>\u2013 intermediate class \u2013 1\u00b0 Exc. CAC, <span style=\"color: #ff0000;\">Derby Winner<\/span><\/p>\n<p style=\"text-align: center;\">ngg_shortcode_63_placeholder<\/p>\n<p style=\"text-align: center;\">&#8212;&#8212;&#8212;&#8212;&#8212;&#8212;&#8212;&#8212;&#8212;&#8212;&#8212;&#8212;&#8212;&#8212;&#8212;&#8212;&#8212;&#8212;&#8211;<\/p>\n<p style=\"text-align: center;\"><span style=\"background-color: #ddccaa;\"><strong><span style=\"font-size: 18px; background-color: #ddccaa;\">Wels (A) \u2013 02.12.2006<\/span><\/strong><\/span><\/p>\n<p style=\"text-align: center;\">\u2013 CACIB dog show \u2013<br \/>\njudge Sigrid Jarmer (A)<\/p>\n<p style=\"text-align: center;\"><strong>BELLA <\/strong>\u2013 intermediate class \u2013 V.g.<\/p>\n<table class=\"aligncenter\" style=\"width: 700px;\" border=\"1\" cellpadding=\"0\">\n<tbody>\n<tr>\n<td style=\"width: 400px; text-align: center;\">ngg_shortcode_64_placeholder<\/td>\n<td style=\"width: 300px; text-align: center;\">ngg_shortcode_65_placeholder<\/td>\n<\/tr>\n<\/tbody>\n<\/table>\n<p style=\"text-align: center;\">&#8212;&#8212;&#8212;&#8212;&#8212;&#8212;&#8212;&#8212;&#8212;&#8212;&#8212;&#8212;&#8212;&#8212;&#8212;&#8212;&#8212;&#8212;&#8211;<\/p>\n<p style=\"text-align: center;\"><span style=\"background-color: #ddccaa;\"><strong><span style=\"font-size: 18px; background-color: #ddccaa;\">Poznan (PL) \u2013 12.11.2006<\/span><\/strong><\/span><\/p>\n<p style=\"text-align: center;\">\u2013 World Dog Show \u2013<br \/>\njudge Luis Pinto Teixeira (P)<\/p>\n<p style=\"text-align: center;\"><strong>BELLA <\/strong>\u2013 intermediate class \u2013 3\u00b0 Exc.<\/p>\n<table class=\"aligncenter\" style=\"width: 800px;\" border=\"1\" cellpadding=\"0\">\n<tbody>\n<tr>\n<td style=\"width: 400px; text-align: center;\">ngg_shortcode_66_placeholder<\/td>\n<td style=\"width: 400px; text-align: center;\">ngg_shortcode_67_placeholder<\/td>\n<\/tr>\n<\/tbody>\n<\/table>\n<p style=\"text-align: center;\">&#8212;&#8212;&#8212;&#8212;&#8212;&#8212;&#8212;&#8212;&#8212;&#8212;&#8212;&#8212;&#8212;&#8212;&#8212;&#8212;&#8212;&#8212;&#8211;<\/p>\n<p style=\"text-align: center;\"><span style=\"background-color: #ddccaa;\"><strong><span style=\"font-size: 18px; background-color: #ddccaa;\">Nitra (SK) \u2013 04.11.2006<\/span><\/strong><\/span><\/p>\n<p style=\"text-align: center;\">\u2013 CACIB dog show \u2013<br \/>\njudge Marie-Luise Doppelreiter (A)<\/p>\n<p style=\"text-align: center;\"><strong>BELLA <\/strong>\u2013 intermediate class \u2013 V.g.<\/p>\n<table class=\"aligncenter\" style=\"width: 800px;\" border=\"1\" cellpadding=\"0\">\n<tbody>\n<tr>\n<td style=\"width: 400px; text-align: center;\">ngg_shortcode_68_placeholder<\/td>\n<td style=\"width: 400px; text-align: center;\">ngg_shortcode_69_placeholder<\/td>\n<\/tr>\n<\/tbody>\n<\/table>\n<p style=\"text-align: center;\">&#8212;&#8212;&#8212;&#8212;&#8212;&#8212;&#8212;&#8212;&#8212;&#8212;&#8212;&#8212;&#8212;&#8212;&#8212;&#8212;&#8212;&#8212;&#8211;<\/p>\n<p style=\"text-align: center;\"><span style=\"background-color: #ddccaa;\"><strong><span style=\"font-size: 18px; background-color: #ddccaa;\">Bagnara \u2013 07.10.2006<\/span><\/strong><\/span><\/p>\n<p style=\"text-align: center;\">\u2013 Raduno C.I.L. \u2013<br \/>\njudge Ren\u00e9e Sporre Willes (S)<\/p>\n<p style=\"text-align: center;\"><strong>BELLA <\/strong>\u2013 young class \u2013 2\u00b0 Exc.<\/p>\n<table class=\"aligncenter\" style=\"width: 800px;\" border=\"1\" cellpadding=\"0\">\n<tbody>\n<tr>\n<td style=\"width: 400px; text-align: center;\">ngg_shortcode_70_placeholder<\/td>\n<td style=\"width: 400px; text-align: center;\">ngg_shortcode_71_placeholder<\/td>\n<\/tr>\n<\/tbody>\n<\/table>\n<p style=\"text-align: center;\">&#8212;&#8212;&#8212;&#8212;&#8212;&#8212;&#8212;&#8212;&#8212;&#8212;&#8212;&#8212;&#8212;&#8212;&#8212;&#8212;&#8212;&#8212;&#8211;<\/p>\n<p style=\"text-align: center;\"><span style=\"background-color: #ddccaa;\"><strong><span style=\"font-size: 18px; background-color: #ddccaa;\">Maribor (SLO) &#8211; 23.09.2006<\/span><\/strong><\/span><\/p>\n<p style=\"text-align: center;\">\u2013 CACIB dog show \u2013<br \/>\njudge Elsbeth Clerc (CH)<\/p>\n<p style=\"text-align: center;\"><strong>BELLA <\/strong>\u2013 intermediare class \u2013 Exc.<\/p>\n<table class=\"aligncenter\" style=\"width: 800px;\" border=\"1\" cellpadding=\"0\">\n<tbody>\n<tr>\n<td style=\"width: 400px; text-align: center;\">ngg_shortcode_72_placeholder<\/td>\n<td style=\"width: 400px; text-align: center;\">ngg_shortcode_73_placeholder<\/td>\n<\/tr>\n<\/tbody>\n<\/table>\n<p style=\"text-align: center;\">&#8212;&#8212;&#8212;&#8212;&#8212;&#8212;&#8212;&#8212;&#8212;&#8212;&#8212;&#8212;&#8212;&#8212;&#8212;&#8212;&#8212;&#8212;&#8211;<\/p>\n<p style=\"text-align: center;\"><span style=\"background-color: #ddccaa;\"><strong><span style=\"font-size: 18px; background-color: #ddccaa;\">Kecskem\u00e9t (HU) \u2013 09.09.2006<\/span><\/strong><\/span><\/p>\n<p style=\"text-align: center;\">\u2013 CACIB dog show \u2013<br \/>\njudge Hans M\u00fcller (CH)<\/p>\n<p style=\"text-align: center;\"><strong>BELLA <\/strong>\u2013 intermediare class \u2013 1\u00b0 Exc. CAC<\/p>\n<table class=\"aligncenter\" style=\"width: 800px;\" border=\"1\" cellpadding=\"0\">\n<tbody>\n<tr>\n<td style=\"width: 400px; text-align: center;\">ngg_shortcode_74_placeholder<\/td>\n<td style=\"width: 400px; text-align: center;\">ngg_shortcode_75_placeholder<\/td>\n<\/tr>\n<\/tbody>\n<\/table>\n<p style=\"text-align: center;\"><span style=\"background-color: #ddccaa;\"><strong><span style=\"font-size: 18px; background-color: #ddccaa;\">Kecskem\u00e9t (HU) \u2013 10.09.2006<\/span><\/strong><\/span><\/p>\n<p style=\"text-align: center;\">\u2013 CACIB dog show \u2013<br \/>\njudge Rui Oliveira (P)<\/p>\n<p style=\"text-align: center;\"><strong>BELLA <\/strong>\u2013 intermediare class \u2013 1\u00b0 Exc. CAC, CACIB, <span style=\"color: #ff0000;\">BOB<\/span><\/p>\n<table class=\"aligncenter\" style=\"width: 800px;\" border=\"1\" cellpadding=\"0\">\n<tbody>\n<tr>\n<td style=\"width: 400px; text-align: center;\">ngg_shortcode_76_placeholder<\/td>\n<td style=\"width: 400px; text-align: center;\">ngg_shortcode_77_placeholder<\/td>\n<\/tr>\n<\/tbody>\n<\/table>\n<p style=\"text-align: center;\">&#8212;&#8212;&#8212;&#8212;&#8212;&#8212;&#8212;&#8212;&#8212;&#8212;&#8212;&#8212;&#8212;&#8212;&#8212;&#8212;&#8212;&#8212;&#8211;<\/p>\n<p style=\"text-align: center;\"><span style=\"background-color: #ddccaa;\"><strong><span style=\"font-size: 18px; background-color: #ddccaa;\">Oradea (RO) &#8211; 02.09.2006<\/span><\/strong><\/span><\/p>\n<p style=\"text-align: center;\">\u2013 CAC dog show \u2013<br \/>\njudge Olga Scheritsa (MO)<\/p>\n<p style=\"text-align: center;\"><strong>BELLA <\/strong>\u2013 young class \u2013 1\u00b0 Exc. RPJ, Best Young<\/p>\n<p style=\"text-align: center;\"><span style=\"color: #ff0000;\">With this result Bella became &#8220;<strong>Romania Junior Champion<\/strong>&#8221; (romanian young champion)<\/span><\/p>\n<table class=\"aligncenter\" style=\"width: 800px;\" border=\"1\" cellpadding=\"0\">\n<tbody>\n<tr>\n<td style=\"width: 400px; text-align: center;\">ngg_shortcode_78_placeholder<\/td>\n<td style=\"width: 400px; text-align: center;\">ngg_shortcode_79_placeholder<\/td>\n<\/tr>\n<\/tbody>\n<\/table>\n<p style=\"text-align: center;\">&#8212;&#8212;&#8212;&#8212;&#8212;&#8212;&#8212;&#8212;&#8212;&#8212;&#8212;&#8212;&#8212;&#8212;&#8212;&#8212;&#8212;&#8212;&#8211;<\/p>\n<p style=\"text-align: center;\"><span style=\"background-color: #ddccaa;\"><strong><span style=\"font-size: 18px; background-color: #ddccaa;\">Debrecen (HU) &#8211; 27.08.2006<\/span><\/strong><\/span><\/p>\n<p style=\"text-align: center;\">\u2013 CACIB dog show \u2013<br \/>\njudge Dr. Szil\u00e1gyi Judit (HU)<\/p>\n<p style=\"text-align: center;\"><strong>BELLA <\/strong>\u2013 intermediare class \u2013 1\u00b0 Exc. CAC, CACIB, <span style=\"color: #ff0000;\">BOB<\/span><\/p>\n<table class=\"aligncenter\" style=\"width: 800px;\" border=\"1\" cellpadding=\"0\">\n<tbody>\n<tr>\n<td style=\"width: 400px; text-align: center;\">ngg_shortcode_80_placeholder<\/td>\n<td style=\"width: 400px; text-align: center;\">ngg_shortcode_81_placeholder<\/td>\n<\/tr>\n<\/tbody>\n<\/table>\n<p style=\"text-align: center;\">&#8212;&#8212;&#8212;&#8212;&#8212;&#8212;&#8212;&#8212;&#8212;&#8212;&#8212;&#8212;&#8212;&#8212;&#8212;&#8212;&#8212;&#8212;&#8211;<\/p>\n<p style=\"text-align: center;\"><span style=\"background-color: #ddccaa;\"><strong><span style=\"font-size: 18px; background-color: #ddccaa;\">Tg-Mures (RO) &#8211; 05.08.2006<\/span><\/strong><\/span><\/p>\n<p style=\"text-align: center;\">\u2013 CACIB dog show \u2013<br \/>\njudge Kor\u00f3zs Andr\u00e1s (HU)<\/p>\n<p style=\"text-align: center;\"><strong>BELLA <\/strong>\u2013 young class \u2013 1\u00b0 Exc. RPJ, Best Young<\/p>\n<p style=\"text-align: center;\"><span style=\"background-color: #ddccaa;\"><strong><span style=\"font-size: 18px; background-color: #ddccaa;\">Tg-Mures (RO) &#8211; 06.08.2006<\/span><\/strong><\/span><\/p>\n<p style=\"text-align: center;\">\u2013 CACIB dog show \u2013<br \/>\njudge Luis Pinto Teixeira (P)<\/p>\n<p style=\"text-align: center;\"><strong>BELLA <\/strong>\u2013 intermediate class \u2013 V.g.<\/p>\n<table class=\"aligncenter\" style=\"width: 666px;\" border=\"1\" cellpadding=\"0\">\n<tbody>\n<tr>\n<td style=\"width: 400px; text-align: center;\">ngg_shortcode_82_placeholder<\/td>\n<td style=\"width: 266px; text-align: center;\">ngg_shortcode_83_placeholder<\/td>\n<\/tr>\n<\/tbody>\n<\/table>\n<p style=\"text-align: center;\">&#8212;&#8212;&#8212;&#8212;&#8212;&#8212;&#8212;&#8212;&#8212;&#8212;&#8212;&#8212;&#8212;&#8212;&#8212;&#8212;&#8212;&#8212;&#8211;<\/p>\n<p style=\"text-align: center;\"><span style=\"background-color: #ddccaa;\"><strong><span style=\"font-size: 18px; background-color: #ddccaa;\">Orf\u00fc (HU) \u2013 24.06.2006<\/span><\/strong><\/span><\/p>\n<p style=\"text-align: center;\">\u2013 CACIB dog show \u2013<br \/>\njudge Svend L\u00f8venkj\u00e6r (DK)<\/p>\n<p style=\"text-align: center;\"><strong>BELLA <\/strong>\u2013 young class \u2013 1\u00b0 Exc. HPJ, Best Young, <span style=\"color: #ff0000;\">BOB<\/span><\/p>\n<table class=\"aligncenter\" style=\"width: 800px;\" border=\"1\" cellpadding=\"0\">\n<tbody>\n<tr>\n<td style=\"width: 400px; text-align: center;\">ngg_shortcode_84_placeholder<\/td>\n<td style=\"width: 400px; text-align: center;\">ngg_shortcode_85_placeholder<\/td>\n<\/tr>\n<\/tbody>\n<\/table>\n<p style=\"text-align: center;\"><span style=\"color: #ff0000;\">With this result Bella became &#8220;<strong>Hungaria Junior Champion<\/strong>&#8221; (hungarian young champion)<\/span><\/p>\n<p style=\"text-align: center;\">ngg_shortcode_86_placeholder<\/p>\n<p style=\"text-align: center;\">&#8212;&#8212;&#8212;&#8212;&#8212;&#8212;&#8212;&#8212;&#8212;&#8212;&#8212;&#8212;&#8212;&#8212;&#8212;&#8212;&#8212;&#8212;&#8211;<\/p>\n<p style=\"text-align: center;\"><span style=\"background-color: #ddccaa;\"><strong><span style=\"font-size: 18px; background-color: #ddccaa;\">Volta Mantovana &#8211; 11.06.2006<\/span><\/strong><\/span><\/p>\n<p style=\"text-align: center;\">\u2013 Raduno italian breeds \u2013<br \/>\njudge Domenico Milillo<\/p>\n<p style=\"text-align: center;\"><strong>BELLA <\/strong>\u2013 young class \u2013 3\u00b0 V.g.<\/p>\n<table class=\"aligncenter\" style=\"width: 800px;\" border=\"1\" cellpadding=\"0\">\n<tbody>\n<tr>\n<td style=\"width: 400px; text-align: center;\">ngg_shortcode_87_placeholder<\/td>\n<td style=\"width: 400px; text-align: center;\">ngg_shortcode_88_placeholder<\/td>\n<\/tr>\n<\/tbody>\n<\/table>\n<p style=\"text-align: center;\">&#8212;&#8212;&#8212;&#8212;&#8212;&#8212;&#8212;&#8212;&#8212;&#8212;&#8212;&#8212;&#8212;&#8212;&#8212;&#8212;&#8212;&#8212;&#8211;<\/p>\n<p style=\"text-align: center;\"><span style=\"background-color: #ddccaa;\"><strong><span style=\"font-size: 18px; background-color: #ddccaa;\">Cluj Napoca (RO) &#8211; 20.05.2006<\/span><\/strong><\/span><\/p>\n<p style=\"text-align: center;\">\u2013 CAC dog show \u2013<br \/>\njudge Simu C\u00e3lin (RO)<\/p>\n<p style=\"text-align: center;\"><strong>BELLA <\/strong>\u2013 young class \u2013 Exc.<\/p>\n<p style=\"text-align: center;\"><span style=\"background-color: #ddccaa;\"><strong><span style=\"font-size: 18px; background-color: #ddccaa;\">Cluj Napoca (RO) &#8211; 21.05.2006<\/span><\/strong><\/span><\/p>\n<p style=\"text-align: center;\">\u2013 CACIB dog show \u2013<br \/>\njudge Cristian Stavarache (RO)<\/p>\n<p style=\"text-align: center;\"><strong>BELLA <\/strong>\u2013 young class \u2013 1\u00b0 Exc. RPJ, Best Young, <span style=\"color: #ff0000;\">BOB<\/span><\/p>\n<table class=\"aligncenter\" style=\"width: 800px;\" border=\"1\" cellpadding=\"0\">\n<tbody>\n<tr>\n<td style=\"width: 400px; text-align: center;\">ngg_shortcode_89_placeholder<\/td>\n<td style=\"width: 400px; text-align: center;\">ngg_shortcode_90_placeholder<\/td>\n<\/tr>\n<\/tbody>\n<\/table>\n<p style=\"text-align: center;\">&#8212;&#8212;&#8212;&#8212;&#8212;&#8212;&#8212;&#8212;&#8212;&#8212;&#8212;&#8212;&#8212;&#8212;&#8212;&#8212;&#8212;&#8212;&#8211;<\/p>\n<p style=\"text-align: center;\"><span style=\"background-color: #ddccaa;\"><strong><span style=\"font-size: 18px; background-color: #ddccaa;\">Tata (HU) &#8211; 22.04.2006<\/span><\/strong><\/span><\/p>\n<p style=\"text-align: center;\">\u2013 CACIB dog show \u2013<br \/>\njudge Czegl\u00e9di Attila (HU)<\/p>\n<p style=\"text-align: center;\"><strong>BELLA <\/strong>\u2013 young class \u2013 1\u00b0 Exc. HPJ, Best Young<\/p>\n<p style=\"text-align: center;\"><span style=\"background-color: #ddccaa;\"><strong><span style=\"font-size: 18px; background-color: #ddccaa;\">Tata (HU) &#8211; 23.04.2006<\/span><\/strong><\/span><\/p>\n<p style=\"text-align: center;\">\u2013 CACIB dog show \u2013<br \/>\njudge Jose Homem de Mello (P)<\/p>\n<p style=\"text-align: center;\"><strong>BELLA <\/strong>\u2013 young class \u2013 1\u00b0 Exc. HPJ, Best Young, <span style=\"color: #ff0000;\">BOB<\/span><\/p>\n<table class=\"aligncenter\" style=\"width: 800px;\" border=\"1\" cellpadding=\"0\">\n<tbody>\n<tr>\n<td style=\"width: 400px; text-align: center;\">ngg_shortcode_91_placeholder<\/td>\n<td style=\"width: 400px; text-align: center;\">ngg_shortcode_92_placeholder<\/td>\n<\/tr>\n<\/tbody>\n<\/table>\n<hr>\n<p style=\"text-align: center;\"><a id=\"ev2005\"><\/a><a class=\"maxbutton-1 maxbutton maxbutton-2005\" href=\"https:\/\/regunlagotto.net\/?page_id=348#ev2005\"><span class='mb-text'>2005<\/span><\/a><\/p>\n<p style=\"text-align: center;\"><span style=\"background-color: #ddccaa;\"><strong><span style=\"font-size: 18px; background-color: #ddccaa;\">Tata (HU) &#8211; 29.10.2005<\/span><\/strong><\/span><\/p>\n<p style=\"text-align: center;\">\u2013 visiting CACIB dog show \u2013<\/p>\n<table class=\"aligncenter\" style=\"width: 800px;\" border=\"1\" cellpadding=\"0\">\n<tbody>\n<tr>\n<td style=\"width: 400px; text-align: center;\">ngg_shortcode_93_placeholder<\/td>\n<td style=\"width: 400px; text-align: center;\">ngg_shortcode_94_placeholder<\/td>\n<\/tr>\n<\/tbody>\n<\/table>\n<p style=\"text-align: center;\">&#8212;&#8212;&#8212;&#8212;&#8212;&#8212;&#8212;&#8212;&#8212;&#8212;&#8212;&#8212;&#8212;&#8212;&#8212;&#8212;&#8212;&#8212;&#8211;<\/p>\n<p style=\"text-align: center;\"><span style=\"background-color: #ddccaa;\"><strong><span style=\"font-size: 18px; background-color: #ddccaa;\">Sacile &#8211; 21.08.2005<\/span><\/strong><\/span><\/p>\n<p style=\"text-align: center;\">\u2013 visiting CAC dog show, where we got BELLA, the first lagotto \u2013<\/p>\n<table class=\"aligncenter\" style=\"width: 800px;\" border=\"1\" cellpadding=\"0\">\n<tbody>\n<tr>\n<td style=\"width: 400px; text-align: center;\">ngg_shortcode_95_placeholder<\/td>\n<td style=\"width: 400px; text-align: center;\">ngg_shortcode_96_placeholder<\/td>\n<\/tr>\n<\/tbody>\n<\/table>\n","protected":false},"excerpt":{"rendered":"<p>Regun &#8216;B&#8217; litter Born on 12\/11\/2009, 4 males and 4 females Father: ELLIOT della Cascinetta, brown-roan HD B, JE -\/-, LSD +\/- Mother: CARLOTTA di Villa Federici, orange HD B, JE -\/-, LSD-\/-, PL 0, eyes clear &#8212;&#8212;&#8212;&#8212;&#8212;&#8212;&#8212;&#8212;&#8212;&#8212;&#8212;&#8212;&#8212;&#8212;&#8212;&#8212;&#8212;&#8212;&#8211; Bagnara \u2013 <span class=\"excerpt-dots\">&hellip;<\/span> <a class=\"more-link\" href=\"https:\/\/regunlagotto.net\/?page_id=348\"><span class=\"more-msg\">Continua a leggere &rarr;<\/span><\/a><\/p>\n","protected":false},"author":1,"featured_media":0,"parent":125,"menu_order":1,"comment_status":"closed","ping_status":"closed","template":"","meta":{"ngg_post_thumbnail":0,"footnotes":""},"class_list":["post-348","page","type-page","status-publish","hentry"],"yoast_head":"<!-- This site is optimized with the Yoast SEO plugin v27.5 - https:\/\/yoast.com\/product\/yoast-seo-wordpress\/ -->\n<title>News 2005 - 2009 - REGUN - Lagotto romagnolo<\/title>\n<meta name=\"robots\" content=\"index, follow, max-snippet:-1, max-image-preview:large, max-video-preview:-1\" \/>\n<link rel=\"canonical\" href=\"https:\/\/regunlagotto.net\/?page_id=348\" \/>\n<meta property=\"og:locale\" content=\"it_IT\" \/>\n<meta property=\"og:type\" content=\"article\" \/>\n<meta property=\"og:title\" content=\"News 2005 - 2009 - REGUN - Lagotto romagnolo\" \/>\n<meta property=\"og:description\" content=\"Regun &#8216;B&#8217; litter Born on 12\/11\/2009, 4 males and 4 females Father: ELLIOT della Cascinetta, brown-roan HD B, JE -\/-, LSD +\/- Mother: CARLOTTA di Villa Federici, orange HD B, JE -\/-, LSD-\/-, PL 0, eyes clear &#8212;&#8212;&#8212;&#8212;&#8212;&#8212;&#8212;&#8212;&#8212;&#8212;&#8212;&#8212;&#8212;&#8212;&#8212;&#8212;&#8212;&#8212;&#8211; Bagnara \u2013 &hellip; Continua a leggere &rarr;\" \/>\n<meta property=\"og:url\" content=\"https:\/\/regunlagotto.net\/?page_id=348\" \/>\n<meta property=\"og:site_name\" content=\"REGUN - Lagotto romagnolo\" \/>\n<meta property=\"article:publisher\" content=\"https:\/\/www.facebook.com\/regun.lagotto\/\" \/>\n<meta property=\"article:modified_time\" content=\"2024-03-08T19:15:52+00:00\" \/>\n<meta name=\"twitter:card\" content=\"summary_large_image\" \/>\n<meta name=\"twitter:site\" content=\"@LauraTanos1\" \/>\n<meta name=\"twitter:label1\" content=\"Tempo di lettura stimato\" \/>\n\t<meta name=\"twitter:data1\" content=\"7 minuti\" \/>\n<script type=\"application\/ld+json\" class=\"yoast-schema-graph\">{\"@context\":\"https:\\\/\\\/schema.org\",\"@graph\":[{\"@type\":\"WebPage\",\"@id\":\"https:\\\/\\\/regunlagotto.net\\\/?page_id=348\",\"url\":\"https:\\\/\\\/regunlagotto.net\\\/?page_id=348\",\"name\":\"News 2005 - 2009 - REGUN - Lagotto romagnolo\",\"isPartOf\":{\"@id\":\"https:\\\/\\\/regunlagotto.net\\\/#website\"},\"datePublished\":\"2023-11-28T20:36:44+00:00\",\"dateModified\":\"2024-03-08T19:15:52+00:00\",\"breadcrumb\":{\"@id\":\"https:\\\/\\\/regunlagotto.net\\\/?page_id=348#breadcrumb\"},\"inLanguage\":\"it-IT\",\"potentialAction\":[{\"@type\":\"ReadAction\",\"target\":[\"https:\\\/\\\/regunlagotto.net\\\/?page_id=348\"]}]},{\"@type\":\"BreadcrumbList\",\"@id\":\"https:\\\/\\\/regunlagotto.net\\\/?page_id=348#breadcrumb\",\"itemListElement\":[{\"@type\":\"ListItem\",\"position\":1,\"name\":\"Home\",\"item\":\"https:\\\/\\\/regunlagotto.net\\\/\"},{\"@type\":\"ListItem\",\"position\":2,\"name\":\"Archives\",\"item\":\"https:\\\/\\\/regunlagotto.net\\\/?page_id=125\"},{\"@type\":\"ListItem\",\"position\":3,\"name\":\"News 2005 &#8211; 2009\"}]},{\"@type\":\"WebSite\",\"@id\":\"https:\\\/\\\/regunlagotto.net\\\/#website\",\"url\":\"https:\\\/\\\/regunlagotto.net\\\/\",\"name\":\"REGUN - Lagotto romagnolo\",\"description\":\"\",\"publisher\":{\"@id\":\"https:\\\/\\\/regunlagotto.net\\\/#organization\"},\"potentialAction\":[{\"@type\":\"SearchAction\",\"target\":{\"@type\":\"EntryPoint\",\"urlTemplate\":\"https:\\\/\\\/regunlagotto.net\\\/?s={search_term_string}\"},\"query-input\":{\"@type\":\"PropertyValueSpecification\",\"valueRequired\":true,\"valueName\":\"search_term_string\"}}],\"inLanguage\":\"it-IT\"},{\"@type\":\"Organization\",\"@id\":\"https:\\\/\\\/regunlagotto.net\\\/#organization\",\"name\":\"REGUN - Lagotto romagnolo\",\"url\":\"https:\\\/\\\/regunlagotto.net\\\/\",\"logo\":{\"@type\":\"ImageObject\",\"inLanguage\":\"it-IT\",\"@id\":\"https:\\\/\\\/regunlagotto.net\\\/#\\\/schema\\\/logo\\\/image\\\/\",\"url\":\"https:\\\/\\\/regunlagotto.net\\\/wp-content\\\/uploads\\\/2024\\\/01\\\/logo-regun-uj.jpg\",\"contentUrl\":\"https:\\\/\\\/regunlagotto.net\\\/wp-content\\\/uploads\\\/2024\\\/01\\\/logo-regun-uj.jpg\",\"width\":1663,\"height\":400,\"caption\":\"REGUN - Lagotto romagnolo\"},\"image\":{\"@id\":\"https:\\\/\\\/regunlagotto.net\\\/#\\\/schema\\\/logo\\\/image\\\/\"},\"sameAs\":[\"https:\\\/\\\/www.facebook.com\\\/regun.lagotto\\\/\",\"https:\\\/\\\/x.com\\\/LauraTanos1\",\"https:\\\/\\\/www.instagram.com\\\/lagotto_regun_kennel\\\/\",\"https:\\\/\\\/www.linkedin.com\\\/in\\\/laura-tanos-957231179\\\/\"]}]}<\/script>\n<!-- \/ Yoast SEO plugin. -->","yoast_head_json":{"title":"News 2005 - 2009 - REGUN - Lagotto romagnolo","robots":{"index":"index","follow":"follow","max-snippet":"max-snippet:-1","max-image-preview":"max-image-preview:large","max-video-preview":"max-video-preview:-1"},"canonical":"https:\/\/regunlagotto.net\/?page_id=348","og_locale":"it_IT","og_type":"article","og_title":"News 2005 - 2009 - REGUN - Lagotto romagnolo","og_description":"Regun &#8216;B&#8217; litter Born on 12\/11\/2009, 4 males and 4 females Father: ELLIOT della Cascinetta, brown-roan HD B, JE -\/-, LSD +\/- Mother: CARLOTTA di Villa Federici, orange HD B, JE -\/-, LSD-\/-, PL 0, eyes clear &#8212;&#8212;&#8212;&#8212;&#8212;&#8212;&#8212;&#8212;&#8212;&#8212;&#8212;&#8212;&#8212;&#8212;&#8212;&#8212;&#8212;&#8212;&#8211; Bagnara \u2013 &hellip; Continua a leggere &rarr;","og_url":"https:\/\/regunlagotto.net\/?page_id=348","og_site_name":"REGUN - Lagotto romagnolo","article_publisher":"https:\/\/www.facebook.com\/regun.lagotto\/","article_modified_time":"2024-03-08T19:15:52+00:00","twitter_card":"summary_large_image","twitter_site":"@LauraTanos1","twitter_misc":{"Tempo di lettura stimato":"7 minuti"},"schema":{"@context":"https:\/\/schema.org","@graph":[{"@type":"WebPage","@id":"https:\/\/regunlagotto.net\/?page_id=348","url":"https:\/\/regunlagotto.net\/?page_id=348","name":"News 2005 - 2009 - REGUN - Lagotto romagnolo","isPartOf":{"@id":"https:\/\/regunlagotto.net\/#website"},"datePublished":"2023-11-28T20:36:44+00:00","dateModified":"2024-03-08T19:15:52+00:00","breadcrumb":{"@id":"https:\/\/regunlagotto.net\/?page_id=348#breadcrumb"},"inLanguage":"it-IT","potentialAction":[{"@type":"ReadAction","target":["https:\/\/regunlagotto.net\/?page_id=348"]}]},{"@type":"BreadcrumbList","@id":"https:\/\/regunlagotto.net\/?page_id=348#breadcrumb","itemListElement":[{"@type":"ListItem","position":1,"name":"Home","item":"https:\/\/regunlagotto.net\/"},{"@type":"ListItem","position":2,"name":"Archives","item":"https:\/\/regunlagotto.net\/?page_id=125"},{"@type":"ListItem","position":3,"name":"News 2005 &#8211; 2009"}]},{"@type":"WebSite","@id":"https:\/\/regunlagotto.net\/#website","url":"https:\/\/regunlagotto.net\/","name":"REGUN - Lagotto romagnolo","description":"","publisher":{"@id":"https:\/\/regunlagotto.net\/#organization"},"potentialAction":[{"@type":"SearchAction","target":{"@type":"EntryPoint","urlTemplate":"https:\/\/regunlagotto.net\/?s={search_term_string}"},"query-input":{"@type":"PropertyValueSpecification","valueRequired":true,"valueName":"search_term_string"}}],"inLanguage":"it-IT"},{"@type":"Organization","@id":"https:\/\/regunlagotto.net\/#organization","name":"REGUN - Lagotto romagnolo","url":"https:\/\/regunlagotto.net\/","logo":{"@type":"ImageObject","inLanguage":"it-IT","@id":"https:\/\/regunlagotto.net\/#\/schema\/logo\/image\/","url":"https:\/\/regunlagotto.net\/wp-content\/uploads\/2024\/01\/logo-regun-uj.jpg","contentUrl":"https:\/\/regunlagotto.net\/wp-content\/uploads\/2024\/01\/logo-regun-uj.jpg","width":1663,"height":400,"caption":"REGUN - Lagotto romagnolo"},"image":{"@id":"https:\/\/regunlagotto.net\/#\/schema\/logo\/image\/"},"sameAs":["https:\/\/www.facebook.com\/regun.lagotto\/","https:\/\/x.com\/LauraTanos1","https:\/\/www.instagram.com\/lagotto_regun_kennel\/","https:\/\/www.linkedin.com\/in\/laura-tanos-957231179\/"]}]}},"_links":{"self":[{"href":"https:\/\/regunlagotto.net\/index.php?rest_route=\/wp\/v2\/pages\/348","targetHints":{"allow":["GET"]}}],"collection":[{"href":"https:\/\/regunlagotto.net\/index.php?rest_route=\/wp\/v2\/pages"}],"about":[{"href":"https:\/\/regunlagotto.net\/index.php?rest_route=\/wp\/v2\/types\/page"}],"author":[{"embeddable":true,"href":"https:\/\/regunlagotto.net\/index.php?rest_route=\/wp\/v2\/users\/1"}],"replies":[{"embeddable":true,"href":"https:\/\/regunlagotto.net\/index.php?rest_route=%2Fwp%2Fv2%2Fcomments&post=348"}],"version-history":[{"count":194,"href":"https:\/\/regunlagotto.net\/index.php?rest_route=\/wp\/v2\/pages\/348\/revisions"}],"predecessor-version":[{"id":4803,"href":"https:\/\/regunlagotto.net\/index.php?rest_route=\/wp\/v2\/pages\/348\/revisions\/4803"}],"up":[{"embeddable":true,"href":"https:\/\/regunlagotto.net\/index.php?rest_route=\/wp\/v2\/pages\/125"}],"wp:attachment":[{"href":"https:\/\/regunlagotto.net\/index.php?rest_route=%2Fwp%2Fv2%2Fmedia&parent=348"}],"curies":[{"name":"wp","href":"https:\/\/api.w.org\/{rel}","templated":true}]}}